{"id":46,"date":"2014-05-19T18:17:32","date_gmt":"2014-05-19T18:17:32","guid":{"rendered":"https:\/\/investigacion.politicas.unam.mx\/revela\/?page_id=46"},"modified":"2016-11-28T17:53:09","modified_gmt":"2016-11-28T23:53:09","slug":"consejo-consultivo","status":"publish","type":"page","link":"https:\/\/investigacion.politicas.unam.mx\/revela\/consejo-consultivo\/","title":{"rendered":"Consejo Consultivo"},"content":{"rendered":"<p style=\"text-align: center;\">Waldo (Argentina)<\/p>\n<p style=\"text-align: center;\">Lilia Berm\u00fadez (M\u00e9xico)<\/p>\n<p style=\"text-align: center;\">Atilio Bor\u00f3n (Argentina)<\/p>\n<p style=\"text-align: center;\">Suzy Castor (Hait\u00ed)<\/p>\n<p style=\"text-align: center;\">Teresa Castro \u00a0(M\u00e9xico)<\/p>\n<p style=\"text-align: center;\">Horacio Cerutti (Argentina)<\/p>\n<p style=\"text-align: center;\">Breny Cuenca (El Salvador)<\/p>\n<p style=\"text-align: center;\">Norma de los R\u00edos (M\u00e9xico)<\/p>\n<p style=\"text-align: center;\">Haroldo Dilla (Cuba)<\/p>\n<p style=\"text-align: center;\">Carlos Figueroa \u00a0(Guatemala)<\/p>\n<p style=\"text-align: center;\">Norman Girvan (Jamaica)<\/p>\n<p style=\"text-align: center;\">Pablo Gonz\u00e1les Casanova (M\u00e9xico)<\/p>\n<p style=\"text-align: center;\">Alfredo Guerra-Borges (Guatemala)<\/p>\n<p style=\"text-align: center;\">Diana Guill\u00e9n (M\u00e9xico)<\/p>\n<p style=\"text-align: center;\">Esthela Guti\u00e9rrez (M\u00e9xico)<\/p>\n<p style=\"text-align: center;\">Edgardo Lander (Venezuela)<\/p>\n<p style=\"text-align: center;\">Jos\u00e9 Luis Orozco (M\u00e9xico)<\/p>\n<p style=\"text-align: center;\">Jaime Osorio (Chile)<\/p>\n<p style=\"text-align: center;\">An\u00edbal Quijano (Per\u00fa)<\/p>\n<p style=\"text-align: center;\">Enrique Rajchenberg (Argentina)<\/p>\n<p style=\"text-align: center;\">Berenice Ram\u00edrez (M\u00e9xico)<\/p>\n<p style=\"text-align: center;\">Alberto Rocha (Per\u00fa)<\/p>\n<p style=\"text-align: center;\">Emir Sader (Brasil)<\/p>\n<p style=\"text-align: center;\">Patricia Salcido (M\u00e9xico)<\/p>\n<p style=\"text-align: center;\">Dar\u00edo Salinas (Chile)<\/p>\n<p style=\"text-align: center;\">Consuelo S\u00e1nchez (M\u00e9xico)<\/p>\n<p style=\"text-align: center;\">John Saxe-Fern\u00e1ndez (M\u00e9xico)<\/p>\n<p style=\"text-align: center;\">Andr\u00e9s Serbin (Argentina)<\/p>\n<p style=\"text-align: center;\">Ricardo Yocelevzky (Chile)<\/p>\n","protected":false},"excerpt":{"rendered":"<p>Waldo (Argentina) Lilia Berm\u00fadez (M\u00e9xico) Atilio Bor\u00f3n (Argentina) Suzy Castor (Hait\u00ed) Teresa Castro \u00a0(M\u00e9xico) Horacio Cerutti (Argentina) Breny Cuenca (El Salvador) Norma de los R\u00edos (M\u00e9xico) Haroldo Dilla (Cuba) Carlos Figueroa \u00a0(Guatemala) Norman Girvan (Jamaica) Pablo Gonz\u00e1les Casanova (M\u00e9xico) Alfredo &hellip; <a href=\"https:\/\/investigacion.politicas.unam.mx\/revela\/consejo-consultivo\/\">Sigue leyendo <span class=\"meta-nav\">&rarr;<\/span><\/a><\/p>\n","protected":false},"author":1,"featured_media":0,"parent":0,"menu_order":0,"comment_status":"closed","ping_status":"closed","template":"","meta":{"footnotes":""},"class_list":["post-46","page","type-page","status-publish","hentry"],"_links":{"self":[{"href":"https:\/\/investigacion.politicas.unam.mx\/revela\/wp-json\/wp\/v2\/pages\/46","targetHints":{"allow":["GET"]}}],"collection":[{"href":"https:\/\/investigacion.politicas.unam.mx\/revela\/wp-json\/wp\/v2\/pages"}],"about":[{"href":"https:\/\/investigacion.politicas.unam.mx\/revela\/wp-json\/wp\/v2\/types\/page"}],"author":[{"embeddable":true,"href":"https:\/\/investigacion.politicas.unam.mx\/revela\/wp-json\/wp\/v2\/users\/1"}],"replies":[{"embeddable":true,"href":"https:\/\/investigacion.politicas.unam.mx\/revela\/wp-json\/wp\/v2\/comments?post=46"}],"version-history":[{"count":7,"href":"https:\/\/investigacion.politicas.unam.mx\/revela\/wp-json\/wp\/v2\/pages\/46\/revisions"}],"predecessor-version":[{"id":2423,"href":"https:\/\/investigacion.politicas.unam.mx\/revela\/wp-json\/wp\/v2\/pages\/46\/revisions\/2423"}],"wp:attachment":[{"href":"https:\/\/investigacion.politicas.unam.mx\/revela\/wp-json\/wp\/v2\/media?parent=46"}],"curies":[{"name":"wp","href":"https:\/\/api.w.org\/{rel}","templated":true}]}}